{"id":767,"date":"2022-05-30T09:50:04","date_gmt":"2022-05-30T07:50:04","guid":{"rendered":"http:\/\/imoveproject.eu\/?page_id=767"},"modified":"2023-02-02T09:38:27","modified_gmt":"2023-02-02T08:38:27","slug":"about-5","status":"publish","type":"page","link":"https:\/\/imoveproject.eu\/?page_id=767&lang=it","title":{"rendered":"Informazioni"},"content":{"rendered":"\n<div class=\"wp-block-cover alignfull\" style=\"min-height:800px;aspect-ratio:unset;\"><span aria-hidden=\"true\" class=\"wp-block-cover__background has-nv-light-bg-background-color has-background-dim-100 has-background-dim\"><\/span><div class=\"wp-block-cover__inner-container is-layout-flow wp-block-cover-is-layout-flow\">\n<div class=\"wp-block-group\"><div class=\"wp-block-group__inner-container is-layout-flow wp-block-group-is-layout-flow\">\n<div class=\"wp-block-columns are-vertically-aligned-center is-layout-flex wp-container-core-columns-is-layout-9d6595d7 wp-block-columns-is-layout-flex\">\n<div class=\"wp-block-column is-vertically-aligned-center is-layout-flow wp-block-column-is-layout-flow\"><div class=\"wp-block-image\">\n<figure class=\"alignleft size-large is-resized\"><img loading=\"lazy\" decoding=\"async\" src=\"http:\/\/imoveproject.eu\/wp-content\/uploads\/2022\/05\/logo-IM-V-CMJN-sb-1-1024x742.png\" alt=\"\" class=\"wp-image-695\" width=\"638\" height=\"462\" srcset=\"https:\/\/imoveproject.eu\/wp-content\/uploads\/2022\/05\/logo-IM-V-CMJN-sb-1-1024x742.png 1024w, https:\/\/imoveproject.eu\/wp-content\/uploads\/2022\/05\/logo-IM-V-CMJN-sb-1-300x217.png 300w, https:\/\/imoveproject.eu\/wp-content\/uploads\/2022\/05\/logo-IM-V-CMJN-sb-1-768x557.png 768w, https:\/\/imoveproject.eu\/wp-content\/uploads\/2022\/05\/logo-IM-V-CMJN-sb-1.png 1181w\" sizes=\"auto, (max-width: 638px) 100vw, 638px\" \/><\/figure>\n<\/div><\/div>\n\n\n\n<div class=\"wp-block-column is-vertically-aligned-center is-layout-flow wp-block-column-is-layout-flow\" style=\"flex-basis:50%\">\n<div style=\"height:20px\" aria-hidden=\"true\" class=\"wp-block-spacer\"><\/div>\n\n\n\n<h2 class=\"has-text-align-left has-neve-link-color-color has-text-color has-large-font-size wp-block-heading\">Il progetto<\/h2>\n\n\n\n<p class=\"has-neve-link-color-color has-text-color has-medium-font-size\">Il progetto I MOVE \u00e8 un progetto di cooperazione europea che mira a sviluppare strumenti pratici sui temi della diversit\u00e0, dell&rsquo;accessibilit\u00e0, dell&rsquo;equit\u00e0 e dell&rsquo;inclusione per i professionisti del settore culturale, promuovendo cos\u00ec un&rsquo;evoluzione delle pratiche in questo settore.<\/p>\n\n\n\n<p class=\"has-neve-link-color-color has-text-color has-medium-font-size\">Il nostro progetto si concentrer\u00e0 sulla formazione permanente del personale di musei, centri scientifici e altre organizzazioni culturali per affrontare i non-pubblici, i non-visitatori o chiunque possa sentirsi a disagio in un&rsquo;organizzazione culturale, in particolare rivolgendosi alle minoranze in termini di genere, etnia, disabilit\u00e0, cultura, et\u00e0, e altro.<\/p>\n\n\n\n<div class=\"wp-block-columns is-layout-flex wp-container-core-columns-is-layout-9d6595d7 wp-block-columns-is-layout-flex\">\n<div class=\"wp-block-column is-layout-flow wp-block-column-is-layout-flow\" style=\"flex-basis:100%\">\n<div class=\"wp-block-columns is-layout-flex wp-container-core-columns-is-layout-9d6595d7 wp-block-columns-is-layout-flex\">\n<div class=\"wp-block-column is-layout-flow wp-block-column-is-layout-flow\" style=\"flex-basis:50%\">\n<div class=\"wp-block-columns is-layout-flex wp-container-core-columns-is-layout-9d6595d7 wp-block-columns-is-layout-flex\">\n<div class=\"wp-block-column is-layout-flow wp-block-column-is-layout-flow\" style=\"flex-basis:100%\"><\/div>\n<\/div>\n<\/div>\n<\/div>\n<\/div>\n<\/div>\n<\/div>\n<\/div>\n<\/div><\/div>\n<\/div><\/div>\n\n\n\n<h2 class=\"has-text-align-left has-neve-link-color-color has-nv-site-bg-background-color has-text-color has-background has-large-font-size wp-block-heading\"><br>Obiettivi<\/h2>\n\n\n\n<div class=\"wp-block-cover alignfull\" style=\"min-height:600px;aspect-ratio:unset;\"><span aria-hidden=\"true\" class=\"wp-block-cover__background has-neve-link-hover-color-background-color has-background-dim\"><\/span><div class=\"wp-block-cover__inner-container is-layout-flow wp-block-cover-is-layout-flow\">\n<div class=\"wp-block-group\"><div class=\"wp-block-group__inner-container is-layout-flow wp-block-group-is-layout-flow\">\n<div class=\"wp-block-columns is-layout-flex wp-container-core-columns-is-layout-9d6595d7 wp-block-columns-is-layout-flex\">\n<div class=\"wp-block-column is-layout-flow wp-block-column-is-layout-flow\"><div class=\"wp-block-image\">\n<figure class=\"aligncenter is-resized\"><img loading=\"lazy\" decoding=\"async\" src=\"https:\/\/cdn-icons-png.flaticon.com\/512\/1296\/1296902.png\" alt=\"\" width=\"92\" height=\"92\" title=\"\"\/><\/figure>\n<\/div><\/div>\n\n\n\n<div class=\"wp-block-column is-layout-flow wp-block-column-is-layout-flow\"><div class=\"wp-block-image\">\n<figure class=\"aligncenter size-full is-resized\"><img loading=\"lazy\" decoding=\"async\" src=\"http:\/\/imoveproject.eu\/wp-content\/uploads\/2022\/04\/2936735.png\" alt=\"\" class=\"wp-image-160\" width=\"98\" height=\"98\" srcset=\"https:\/\/imoveproject.eu\/wp-content\/uploads\/2022\/04\/2936735.png 512w, https:\/\/imoveproject.eu\/wp-content\/uploads\/2022\/04\/2936735-300x300.png 300w, https:\/\/imoveproject.eu\/wp-content\/uploads\/2022\/04\/2936735-150x150.png 150w\" sizes=\"auto, (max-width: 98px) 100vw, 98px\" \/><\/figure>\n<\/div><\/div>\n\n\n\n<div class=\"wp-block-column is-layout-flow wp-block-column-is-layout-flow\"><div class=\"wp-block-image\">\n<figure class=\"aligncenter is-resized\"><img loading=\"lazy\" decoding=\"async\" src=\"https:\/\/cdn-icons-png.flaticon.com\/512\/3079\/3079012.png\" alt=\"\" width=\"93\" height=\"93\" title=\"\"\/><\/figure>\n<\/div><\/div>\n<\/div>\n\n\n\n<div class=\"wp-block-columns are-vertically-aligned-top is-layout-flex wp-container-core-columns-is-layout-9d6595d7 wp-block-columns-is-layout-flex\">\n<div class=\"wp-block-column is-vertically-aligned-top is-layout-flow wp-block-column-is-layout-flow\">\n<div class=\"wp-block-columns is-layout-flex wp-container-core-columns-is-layout-9d6595d7 wp-block-columns-is-layout-flex\">\n<div class=\"wp-block-column is-layout-flow wp-block-column-is-layout-flow\" style=\"flex-basis:100%\">\n<p class=\"has-text-align-left has-neve-link-color-color has-text-color has-medium-font-size\">Supportare le organizzazioni e il personale nell&rsquo;<strong>identificazione delle problematiche DAEI<\/strong> (Diversit\u00e0, Accessibilit\u00e0, Equit\u00e0 e Inclusione) e definire una <strong>metodologia di autovalutazione<\/strong><\/p>\n<\/div>\n<\/div>\n<\/div>\n\n\n\n<div class=\"wp-block-column is-vertically-aligned-top is-layout-flow wp-block-column-is-layout-flow\">\n<div class=\"wp-block-columns is-layout-flex wp-container-core-columns-is-layout-9d6595d7 wp-block-columns-is-layout-flex\">\n<div class=\"wp-block-column is-layout-flow wp-block-column-is-layout-flow\" style=\"flex-basis:100%\">\n<p class=\"has-text-align-left has-neve-link-color-color has-text-color has-medium-font-size\"><strong>Sviluppare risorse educative<\/strong> che rispondano alla domanda concreta e pratica di affrontare le problematiche DAEI nelle attivit\u00e0 di qualsiasi organizzazione culturale.<br><br>Tali risorse:<\/p>\n<\/div>\n<\/div>\n\n\n\n<ul class=\"wp-block-list\">\n<li><strong>saranno facilmente accessibili e utilizzabili <\/strong>da ogni tipo di organizzazione culturale e da ogni professionista della cultura<\/li>\n\n\n\n<li>forniranno un <strong>risultato sostenibile<\/strong><\/li>\n\n\n\n<li><strong>consentiranno una<\/strong><strong> soluzione su misura<\/strong><strong> in ogni contesto specifico<\/strong><\/li>\n<\/ul>\n<\/div>\n\n\n\n<div class=\"wp-block-column is-vertically-aligned-top is-layout-flow wp-block-column-is-layout-flow\">\n<div class=\"wp-block-columns is-layout-flex wp-container-core-columns-is-layout-9d6595d7 wp-block-columns-is-layout-flex\">\n<div class=\"wp-block-column is-layout-flow wp-block-column-is-layout-flow\" style=\"flex-basis:100%\">\n<p class=\"has-text-align-left has-neve-link-color-color has-text-color has-medium-font-size\"><strong>Migliorare le competenze delle organizzazioni e del loro personale<\/strong> in materia di DAEI attraverso un approccio incentrato sull&rsquo;utente, che combini le conoscenze accademiche con le esperienze sul campo<\/p>\n<\/div>\n<\/div>\n\n\n\n<ul class=\"wp-block-list\">\n<li>affidandosi a strutture di formazione\u00a0<\/li>\n\n\n\n<li>affidandosi ad un <strong>approccio riflessivo<\/strong><\/li>\n<\/ul>\n<\/div>\n<\/div>\n<\/div><\/div>\n<\/div><\/div>\n\n\n\n<div class=\"wp-block-cover alignfull\" style=\"min-height:600px;aspect-ratio:unset;\"><span aria-hidden=\"true\" class=\"wp-block-cover__background has-nv-light-bg-background-color has-background-dim-100 has-background-dim\"><\/span><div class=\"wp-block-cover__inner-container is-layout-flow wp-block-cover-is-layout-flow\">\n<div class=\"wp-block-group\"><div class=\"wp-block-group__inner-container is-layout-flow wp-block-group-is-layout-flow\">\n<div class=\"wp-block-columns are-vertically-aligned-center is-layout-flex wp-container-core-columns-is-layout-9d6595d7 wp-block-columns-is-layout-flex\">\n<div class=\"wp-block-column is-vertically-aligned-center is-layout-flow wp-block-column-is-layout-flow\" style=\"flex-basis:50%\">\n<div style=\"height:20px\" aria-hidden=\"true\" class=\"wp-block-spacer\"><\/div>\n\n\n\n<figure class=\"wp-block-image size-large is-resized\"><img loading=\"lazy\" decoding=\"async\" src=\"http:\/\/imoveproject.eu\/wp-content\/uploads\/2022\/05\/IMG_20220406_152444-2-1024x768.jpg\" alt=\"\" class=\"wp-image-727\" width=\"512\" height=\"384\" srcset=\"https:\/\/imoveproject.eu\/wp-content\/uploads\/2022\/05\/IMG_20220406_152444-2-1024x768.jpg 1024w, https:\/\/imoveproject.eu\/wp-content\/uploads\/2022\/05\/IMG_20220406_152444-2-300x225.jpg 300w, https:\/\/imoveproject.eu\/wp-content\/uploads\/2022\/05\/IMG_20220406_152444-2-768x576.jpg 768w, https:\/\/imoveproject.eu\/wp-content\/uploads\/2022\/05\/IMG_20220406_152444-2-1536x1152.jpg 1536w, https:\/\/imoveproject.eu\/wp-content\/uploads\/2022\/05\/IMG_20220406_152444-2-2048x1536.jpg 2048w\" sizes=\"auto, (max-width: 512px) 100vw, 512px\" \/><\/figure>\n<\/div>\n\n\n\n<div class=\"wp-block-column is-vertically-aligned-center is-layout-flow wp-block-column-is-layout-flow\" style=\"flex-basis:50%\">\n<h2 class=\"has-neve-link-color-color has-text-color has-large-font-size wp-block-heading\">Attivit\u00e0<\/h2>\n\n\n\n<div class=\"wp-block-columns are-vertically-aligned-center is-layout-flex wp-container-core-columns-is-layout-9d6595d7 wp-block-columns-is-layout-flex\">\n<div class=\"wp-block-column is-layout-flow wp-block-column-is-layout-flow\">\n<p class=\"has-neve-link-color-color has-text-color has-medium-font-size\">Il progetto IMOVE \u00e8 stato concepito come un <strong>propulsore per far progredire il cambiamento DAEI<\/strong> all&rsquo;interno delle attivit\u00e0 dei membri del consorzio e, ci auguriamo, dei futuri utenti degli strumenti sviluppati.<\/p>\n\n\n\n<p class=\"has-neve-link-color-color has-text-color has-medium-font-size\">Tre risultati principali saranno accessibili in 5 lingue europee:<\/p>\n\n\n\n<ul class=\"wp-block-list\">\n<li>Uno strumento di analisi e autovalutazione<\/li>\n\n\n\n<li>Un modulo di formazione<\/li>\n\n\n\n<li>Un opuscolo di raccomandazioni: un Libro Bianco\u00a0<\/li>\n<\/ul>\n<\/div>\n<\/div>\n<\/div>\n<\/div>\n<\/div><\/div>\n<\/div><\/div>\n\n\n\n<div class=\"wp-block-cover alignfull\" style=\"min-height:600px;aspect-ratio:unset;\"><span aria-hidden=\"true\" class=\"wp-block-cover__background has-neve-link-hover-color-background-color has-background-dim-40 has-background-dim\"><\/span><div class=\"wp-block-cover__inner-container is-layout-flow wp-block-cover-is-layout-flow\">\n<div class=\"wp-block-group\"><div class=\"wp-block-group__inner-container is-layout-flow wp-block-group-is-layout-flow\">\n<div class=\"wp-block-columns are-vertically-aligned-center is-layout-flex wp-container-core-columns-is-layout-9d6595d7 wp-block-columns-is-layout-flex\">\n<div class=\"wp-block-column is-vertically-aligned-center is-layout-flow wp-block-column-is-layout-flow\" style=\"flex-basis:50%\">\n<h2 class=\"has-neve-link-color-color has-text-color has-large-font-size wp-block-heading\"><br>Beneficiari<\/h2>\n\n\n\n<div class=\"wp-block-columns are-vertically-aligned-top is-layout-flex wp-container-core-columns-is-layout-9d6595d7 wp-block-columns-is-layout-flex\">\n<div class=\"wp-block-column is-vertically-aligned-top is-layout-flow wp-block-column-is-layout-flow\">\n<p class=\"has-neve-link-color-color has-text-color has-medium-font-size\">Il progetto I MOVE \u00e8 stato sviluppato per:<\/p>\n\n\n\n<ul class=\"wp-block-list\">\n<li><strong><strong>tutto il personale delle organizzazioni culturali <\/strong>(facilitatori, educatori, project manager, comunicatori, curatori, grafici) e soprattutto gli utenti principali che possono essere portavoce nelle loro reti professionali<\/strong><\/li>\n<\/ul>\n\n\n\n<ul class=\"wp-block-list\">\n<li><strong>responsabili delle decisioni e delle politiche<\/strong> di istituzioni, comuni, collettivit\u00e0 territoriali<\/li>\n<\/ul>\n\n\n\n<ul class=\"wp-block-list\">\n<li>reti professionali locali, responsabili di istituzioni o agenzie e reti culturali e scientifiche, reti di stakeholder, agenzie culturali locali, dipartimenti culturali comunali<\/li>\n<\/ul>\n<\/div>\n<\/div>\n<\/div>\n\n\n\n<div class=\"wp-block-column is-vertically-aligned-center is-layout-flow wp-block-column-is-layout-flow\" style=\"flex-basis:50%\"><div class=\"wp-block-image\">\n<figure class=\"aligncenter size-large is-resized\"><img loading=\"lazy\" decoding=\"async\" src=\"http:\/\/imoveproject.eu\/wp-content\/uploads\/2022\/05\/1ereSelROBOTS.HD\u252c\u00aeANAKA-23-3-1024x684.jpg\" alt=\"\" class=\"wp-image-539\" width=\"500\" height=\"334\" srcset=\"https:\/\/imoveproject.eu\/wp-content\/uploads\/2022\/05\/1ereSelROBOTS.HD\u252c\u00aeANAKA-23-3-1024x684.jpg 1024w, https:\/\/imoveproject.eu\/wp-content\/uploads\/2022\/05\/1ereSelROBOTS.HD\u252c\u00aeANAKA-23-3-300x200.jpg 300w, https:\/\/imoveproject.eu\/wp-content\/uploads\/2022\/05\/1ereSelROBOTS.HD\u252c\u00aeANAKA-23-3-768x513.jpg 768w, https:\/\/imoveproject.eu\/wp-content\/uploads\/2022\/05\/1ereSelROBOTS.HD\u252c\u00aeANAKA-23-3-1536x1025.jpg 1536w, https:\/\/imoveproject.eu\/wp-content\/uploads\/2022\/05\/1ereSelROBOTS.HD\u252c\u00aeANAKA-23-3-2048x1367.jpg 2048w, https:\/\/imoveproject.eu\/wp-content\/uploads\/2022\/05\/1ereSelROBOTS.HD\u252c\u00aeANAKA-23-3-930x620.jpg 930w\" sizes=\"auto, (max-width: 500px) 100vw, 500px\" \/><figcaption class=\"wp-element-caption\"><mark style=\"background-color:rgba(0, 0, 0, 0)\" class=\"has-inline-color has-neve-link-color-color\">\u00aeANAKA &#8211; 2019, Exposition ROBOTS, Cap Sciences<\/mark><\/figcaption><\/figure>\n<\/div><\/div>\n<\/div>\n<\/div><\/div>\n<\/div><\/div>\n","protected":false},"excerpt":{"rendered":"<p>Obiettivi<\/p>\n","protected":false},"author":1,"featured_media":0,"parent":0,"menu_order":0,"comment_status":"closed","ping_status":"closed","template":"","meta":{"neve_meta_sidebar":"","neve_meta_container":"contained","neve_meta_enable_content_width":"on","neve_meta_content_width":100,"neve_meta_title_alignment":"left","neve_meta_author_avatar":"","neve_post_elements_order":"","neve_meta_disable_header":"","neve_meta_disable_footer":"","neve_meta_disable_title":"on","footnotes":""},"class_list":["post-767","page","type-page","status-publish","hentry"],"_links":{"self":[{"href":"https:\/\/imoveproject.eu\/index.php?rest_route=\/wp\/v2\/pages\/767","targetHints":{"allow":["GET"]}}],"collection":[{"href":"https:\/\/imoveproject.eu\/index.php?rest_route=\/wp\/v2\/pages"}],"about":[{"href":"https:\/\/imoveproject.eu\/index.php?rest_route=\/wp\/v2\/types\/page"}],"author":[{"embeddable":true,"href":"https:\/\/imoveproject.eu\/index.php?rest_route=\/wp\/v2\/users\/1"}],"replies":[{"embeddable":true,"href":"https:\/\/imoveproject.eu\/index.php?rest_route=%2Fwp%2Fv2%2Fcomments&post=767"}],"version-history":[{"count":9,"href":"https:\/\/imoveproject.eu\/index.php?rest_route=\/wp\/v2\/pages\/767\/revisions"}],"predecessor-version":[{"id":1159,"href":"https:\/\/imoveproject.eu\/index.php?rest_route=\/wp\/v2\/pages\/767\/revisions\/1159"}],"wp:attachment":[{"href":"https:\/\/imoveproject.eu\/index.php?rest_route=%2Fwp%2Fv2%2Fmedia&parent=767"}],"curies":[{"name":"wp","href":"https:\/\/api.w.org\/{rel}","templated":true}]}}